{"id":324,"date":"2021-06-13T10:37:20","date_gmt":"2021-06-13T07:37:20","guid":{"rendered":"https:\/\/lojistikdergisi.org\/?page_id=324"},"modified":"2024-01-08T11:07:04","modified_gmt":"2024-01-08T08:07:04","slug":"etik-ilkeler-ve-yayin-politikasi","status":"publish","type":"page","link":"https:\/\/lojistikdergisi.org\/?page_id=324","title":{"rendered":"ET\u0130K \u0130LKELER VE YAYIN POL\u0130T\u0130KASI"},"content":{"rendered":"\n<p>&nbsp;<strong>Yay\u0131n Politikam\u0131z<\/strong><\/p>\n\n\n\n<ol type=\"1\">\n<li>Lojistik Dergisi\u2019nde yay\u0131nlanmak \u00fczere g\u00f6nderilen makaleler daha \u00f6nce herhangi bir \u015fekilde yay\u0131nlanmam\u0131\u015f veya herhangi bir yere yay\u0131nlanmak \u00fczere g\u00f6nderilmemi\u015f \u00f6zg\u00fcn \u00e7al\u0131\u015fma niteli\u011fi ta\u015f\u0131mal\u0131d\u0131r. Yazar(lar), benzer i\u00e7erikli yay\u0131nlanm\u0131\u015f ya da yay\u0131n a\u015famas\u0131nda olan \u00e7al\u0131\u015fmalar\u0131 varsa edit\u00f6re bildirmek zorundad\u0131r.<\/li>\n\n\n\n<li>Yay\u0131nlanma talebiyle g\u00f6nderilen b\u00fct\u00fcn makaleler; edit\u00f6r ve hakemler taraf\u0131ndan de\u011ferlendirilir. Dergide \u00c7ift K\u00f6rleme uygulan\u0131r. Makaleleri de\u011ferlendiren hakemlerin isimleri yazarlara bildirilmez. Ayn\u0131 \u015fekilde yazarlar\u0131n isimleri de hakemlere bildirilmez. Detayl\u0131 bilgi i\u00e7in \u201cHakemlik ve De\u011ferlendirme S\u00fcreci\u201d incelenmelidir.<\/li>\n\n\n\n<li>G\u00f6nderilen \u00e7al\u0131\u015fmalar MS Windows i\u015fletim sistemi ile yaz\u0131lmal\u0131 ve. doc ya da. docx uzant\u0131l\u0131 olmal\u0131d\u0131r.<\/li>\n\n\n\n<li>Bir yazar bir takvim y\u0131l\u0131 i\u00e7inde ikiden fazla makale g\u00f6ndermemelidir. G\u00f6ndermesi durumunda makale ret olacakt\u0131r.<\/li>\n\n\n\n<li>Telif hakk\u0131 ve izinler: Kulland\u0131klar\u0131 kaynak ve materyallerin (resim, foto\u011fraf, \u015fekil, tablo vs.) telif hakk\u0131 ve kullan\u0131m izinlerini kontrol etmek yazar(lar)\u0131n sorumlulu\u011fudur. Bir metin ya da resmin internet ortam\u0131nda eri\u015fiminin kolay olmas\u0131 onun istenildi\u011fi gibi kullan\u0131labilece\u011fi anlam\u0131na gelmemektedir. Telif haklar\u0131 ve izinler konusunda sorunuz varsa l\u00fctfen son d\u00fczeltmenizi yollamadan \u00f6nce edit\u00f6r\u00fcn\u00fcze dan\u0131\u015f\u0131n\u0131z. Lojistik Dergisi telif haklar\u0131 konusunda do\u011facak s\u0131k\u0131nt\u0131lardan dolay\u0131 sorumluluk kabul etmez. Yazar(lar) bu konuda sorumlulu\u011fu makalelerini dergiye g\u00f6nderdikleri zaman kabul etmi\u015f olurlar.<\/li>\n\n\n\n<li>Makalenin telif hakk\u0131: Lojistik Dergisi a\u00e7\u0131k kaynak eri\u015fimini akademik faaliyetin ayr\u0131lmaz bir par\u00e7as\u0131 olarak kabul eder. Bu nedenle makale g\u00f6nderimi, de\u011ferlendirme s\u00fcre\u00e7leri ve yay\u0131nlanmas\u0131 i\u00e7in herhangi bir \u00fccret talep etmez. Dergide yay\u0131nlanan b\u00fct\u00fcn makaleler Creative Commons Attribution-NonCommercial-ShareAlike 4.0 International (CC BY-NC-SA 4.0) lisans\u0131na tabidir. Lisans hakk\u0131nda daha fazla bilgi almak i\u00e7in bkz: <a href=\"https:\/\/creativecommons.org\/licenses\/by-nc-sa\/4.0\/deed.tr\" target=\"_blank\" rel=\"noreferrer noopener\">https:\/\/creativecommons.org\/licenses\/by-nc-sa\/4.0\/deed.tr<\/a> B\u00fct\u00fcn yazarlar, makaleleri hakem s\u00fcrecini ge\u00e7tikten sonra yay\u0131nland\u0131\u011f\u0131nda, a\u00e7\u0131k kaynak eri\u015fimini ve CC BY-NC-SA 4.0\u2019\u0131n ko\u015fullar\u0131n\u0131 kabul ederler. Yay\u0131nlanan makalenin b\u00fct\u00fcn fikri m\u00fclkiyet haklar\u0131, yeniden yay\u0131nlama, yeniden kullanma da dahil olmak \u00fczere, Lojistik Dergisi\u2019ne aittir.<\/li>\n\n\n\n<li>Yay\u0131n i\u00e7in makalesini g\u00f6nderen yazar(lar) edit\u00f6rlerin kararlar\u0131n\u0131 uyacaklar\u0131n\u0131 kabul ve taahh\u00fct ederler. Yazarlar, yaz\u0131lar\u0131 kabul edildi\u011fi takdirde gerekli d\u00fczeltmeleri en k\u0131sa s\u00fcrede yap\u0131p yay\u0131n kuruluna yollamal\u0131d\u0131rlar.&nbsp;<\/li>\n<\/ol>\n\n\n\n<p><strong>\u00d6zg\u00fcnl\u00fck ve \u0130ntihal Hakk\u0131ndaki Yay\u0131n \u0130lkelerimiz<\/strong><\/p>\n\n\n\n<p>\ufeffYazarlar, yaln\u0131zca \u00f6zg\u00fcn \u00e7al\u0131\u015fmalar\u0131n\u0131 yay\u0131nlamal\u0131 ve kulland\u0131klar\u0131 eser ve kaynaklar\u0131 uygun \u015fekilde belirtmelidirler. Yapt\u0131klar\u0131 \u00e7al\u0131\u015fman\u0131n niteli\u011finin belirlenmesinde etkili olan di\u011fer yay\u0131nlar\u0131 da belirtmelidirler. \u0130ntihalin farkl\u0131 t\u00fcrleri vard\u0131r: bir ba\u015fka ara\u015ft\u0131rmac\u0131n\u0131n \u00e7al\u0131\u015fmas\u0131n\u0131 kendi \u00e7al\u0131\u015fmas\u0131 gibi g\u00f6stermek, ba\u015fka bir ara\u015ft\u0131rmac\u0131n\u0131n \u00e7al\u0131\u015fmas\u0131n\u0131n bir b\u00f6l\u00fcm\u00fcn\u00fc \u00e7al\u0131\u015famaya at\u0131f yapmadan kopyalamak ya da kendininmi\u015f gibi ba\u015fka \u015fekilde ifade ederek kullanmak, ya da ba\u015fka bir \u00e7al\u0131\u015fman\u0131n sonu\u00e7lar\u0131n\u0131 kendine aitmi\u015f gibi iddia etmek gibi. Her ne \u015fekilde olursa olsun intihal yapmak yay\u0131nc\u0131l\u0131k eti\u011fine ayk\u0131r\u0131d\u0131r ve kabul edilemez.<\/p>\n\n\n\n<p>G\u00f6nderilen her makale intihal a\u00e7\u0131s\u0131ndan taran\u0131r. Bu taramada, kaynak\u00e7a ve al\u0131nt\u0131lar da dahil tutulur. Tarama sonucu benzerlik oran\u0131 <strong>%25<\/strong> ve \u00fczeri olan her makale ba\u015fka i\u015fleme gerek g\u00f6rmeksizin reddedilir.<\/p>\n\n\n\n<p><strong>Etik \u0130lkelerimiz<\/strong><\/p>\n\n\n\n<p>Lojistik Dergisi, COPE Code of Conduct and Best Practice Guidelines for Journal Editors ve Code of Conduct for Journal Publishers yay\u0131nc\u0131l\u0131k ilkelerini benimsemektedir. Bu sebeple dergiye g\u00f6nderilen makalelerde ilgili ilkelerin Edit\u00f6r ve Yazarlar i\u00e7in Uluslararas\u0131 Standartlar\u0131 dikkate al\u0131nmal\u0131d\u0131r.<\/p>\n\n\n\n<p>TR Dizin 2020 De\u011ferlendirme Kriterleri <em>\u201cSosyal bilimler dahil olmak \u00fczere t\u00fcm bilim dallar\u0131nda yap\u0131lan ara\u015ft\u0131rmalar i\u00e7in ve etik kurul karar\u0131 gerektiren klinik ve deneysel insan ve hayvanlar \u00fczerindeki \u00e7al\u0131\u015fmalar i\u00e7in ayr\u0131 ayr\u0131 etik kurul onay\u0131 al\u0131nm\u0131\u015f olmal\u0131, bu onay makalede belirtilmeli ve belgelendirilmelidir.\u201d <\/em>maddesi do\u011frultusunda dergimize g\u00f6nderilecek etik kurul karar\u0131 gerektiren \u00e7al\u0131\u015fmalar\u0131n Etik Kurul Kararlar\u0131 ek dosya olarak y\u00fcklenmelidir.<br><br><strong>Etik Kurul \u0130zni Gerektiren Ara\u015ft\u0131rmalar:<\/strong><\/p>\n\n\n\n<ul>\n<li>Anket, m\u00fclakat, odak grup \u00e7al\u0131\u015fmas\u0131, g\u00f6zlem, deney, g\u00f6r\u00fc\u015fme teknikleri kullan\u0131larak kat\u0131l\u0131mc\u0131lardan veri toplanmas\u0131n\u0131 gerektiren nitel ya da nicel yakla\u015f\u0131mlarla y\u00fcr\u00fct\u00fclen her t\u00fcrl\u00fc ara\u015ft\u0131rmalar,<\/li>\n\n\n\n<li>\u0130nsan ve hayvanlar\u0131n (materyal\/veriler dahil) deneysel ya da di\u011fer bilimsel ama\u00e7larla kullan\u0131lmas\u0131,<\/li>\n\n\n\n<li>\u0130nsanlar \u00fczerinde yap\u0131lan klinik ara\u015ft\u0131rmalar,<\/li>\n\n\n\n<li>Hayvanlar \u00fczerinde yap\u0131lan ara\u015ft\u0131rmalar,<\/li>\n\n\n\n<li>Ki\u015fisel verilerin korunmas\u0131 kanunu gere\u011fince retrospektif \u00e7al\u0131\u015fmalar<\/li>\n<\/ul>\n\n\n\n<p><strong>Etik Kurul \u0130zni ile \u0130lgili \u00d6nemli Bilgiler<\/strong><\/p>\n\n\n\n<ul>\n<li>Olgu sunumlar\u0131nda \u201cAyd\u0131nlat\u0131lm\u0131\u015f Onam Formu\u201dnun al\u0131nd\u0131\u011f\u0131n\u0131n belirtilmesi gerekmektedir.<\/li>\n\n\n\n<li>Ba\u015fkalar\u0131na ait \u00f6l\u00e7ek, anket, foto\u011fraflar\u0131n kullan\u0131m\u0131 i\u00e7in sahiplerinden izin al\u0131nmas\u0131 ve belirtilmesi gerekmektedir.<\/li>\n\n\n\n<li>Kullan\u0131lan fikir ve sanat eserleri i\u00e7in telif haklar\u0131 d\u00fczenlemelerine uyuldu\u011funun belirtilmesi gerekmektedir.<\/li>\n\n\n\n<li>2020 y\u0131l\u0131 \u00f6ncesi ara\u015ft\u0131rma verileri kullan\u0131lm\u0131\u015f, y\u00fcksek lisans\/doktora \u00e7al\u0131\u015fmalar\u0131ndan \u00fcretilmi\u015f (makalede belirtilmelidir), bir \u00f6nceki y\u0131l dergiye yay\u0131n ba\u015fvurusunda bulunulmu\u015f, kabul edilmi\u015f ama hen\u00fcz yay\u0131mlanmam\u0131\u015f makaleler i\u00e7in geriye d\u00f6n\u00fck etik kurul izni gerekmemektedir.<\/li>\n<\/ul>\n\n\n\n<p><strong>Yazarlar i\u00e7in Etik Kurallar<\/strong><\/p>\n\n\n\n<p>Lojistik Dergisi\u2019ne \u00e7al\u0131\u015fma g\u00f6nderen yazar(lar)\u0131n a\u015fa\u011f\u0131daki etik sorumluluklara uymas\u0131 beklenmektedir:<\/p>\n\n\n\n<p>Yazarlar \u00e7al\u0131\u015fmalar\u0131n\u0131 ayn\u0131 anda birden fazla derginin ba\u015fvuru s\u00fcrecinde bulunduramaz. Her bir ba\u015fvuru \u00f6nceki ba\u015fvurunun tamamlanmas\u0131n\u0131 takiben ba\u015flat\u0131labilir.<\/p>\n\n\n\n<p>Ba\u015fka bir dergide yay\u0131nlanm\u0131\u015f \u00e7al\u0131\u015fma g\u00f6nderilemez.<\/p>\n\n\n\n<p>\u00c7al\u0131\u015fma herhangi bir toplant\u0131da tebli\u011f olarak sunulmu\u015f veya sunulacak ise bu a\u00e7\u0131k olarak belirtilmelidir.<\/p>\n\n\n\n<p>De\u011ferlendirme s\u00fcreci ba\u015flam\u0131\u015f bir \u00e7al\u0131\u015fman\u0131n yazar sorumluluklar\u0131n\u0131n de\u011fi\u015ftirilmesi (Yazar ekleme, yazar s\u0131ras\u0131 de\u011fi\u015ftirme, yazar \u00e7\u0131kartma gibi) teklif edilemez.<\/p>\n\n\n\n<p>Yazar(lar)\u0131n g\u00f6nderdikleri \u00e7al\u0131\u015fmalar\u0131n \u00f6zg\u00fcn olmas\u0131 beklenmektedir. Yazar(lar)\u0131n ba\u015fka \u00e7al\u0131\u015fmalardan yararlanmalar\u0131 veya ba\u015fka \u00e7al\u0131\u015fmalar\u0131 kullanmalar\u0131 durumunda eksiksiz ve do\u011fru bir bi\u00e7imde at\u0131fta bulunmalar\u0131 ve\/veya al\u0131nt\u0131 yapmalar\u0131 gerekmektedir.<\/p>\n\n\n\n<p>\u00c7al\u0131\u015fman\u0131n olu\u015fturulmas\u0131nda i\u00e7eri\u011fe entelekt\u00fcel a\u00e7\u0131dan katk\u0131 sa\u011flamayan ki\u015filer, yazar olarak belirtilmemelidir.<\/p>\n\n\n\n<p>Yay\u0131nlanmak \u00fczere g\u00f6nderilen t\u00fcm \u00e7al\u0131\u015fmalar\u0131n varsa \u00e7\u0131kar \u00e7at\u0131\u015fmas\u0131 te\u015fkil edebilecek durumlar\u0131 ve ili\u015fkileri a\u00e7\u0131klanmal\u0131d\u0131r. \u00c7al\u0131\u015fmalar\u0131 ile ilgili taraf olabilecek t\u00fcm ki\u015fisel ve kurumsal ili\u015fkilerin bildirilmesinden yazarlar sorumludur.<\/p>\n\n\n\n<p>Yazar(lar)dan de\u011ferlendirme s\u00fcre\u00e7leri \u00e7er\u00e7evesinde makalelerine ili\u015fkin ham veri talep edilebilir, b\u00f6yle bir durumda yazar(lar) beklenen veri ve bilgileri yay\u0131n kurulu ve bilim kuruluna sunmaya haz\u0131r olmal\u0131d\u0131r.<\/p>\n\n\n\n<p>Yazar(lar) kullan\u0131lan verilerin kullan\u0131m haklar\u0131na, ara\u015ft\u0131rma\/analizlerle ilgili gerekli izinlere sahip olduklar\u0131n\u0131 veya deney yap\u0131lan deneklerin r\u0131zas\u0131n\u0131n al\u0131nd\u0131\u011f\u0131n\u0131 g\u00f6steren belgeye sahip olmal\u0131d\u0131r. Dergiye g\u00f6nderilen makalelerde etik kurul karar\u0131 gerektiren klinik ve deneysel insan ve hayvanlar \u00fczerindeki \u00e7al\u0131\u015fmalar i\u00e7in ayr\u0131 ayr\u0131 etik kurul onay\u0131 al\u0131nm\u0131\u015f olmal\u0131, bu onay makalede belirtilmeli ve belgelendirilmelidir.<\/p>\n\n\n\n<p>Yazar(lar)\u0131n yay\u0131nlanm\u0131\u015f, erken g\u00f6r\u00fcn\u00fcm veya de\u011ferlendirme a\u015famas\u0131ndaki \u00e7al\u0131\u015fmas\u0131yla ilgili bir yanl\u0131\u015f ya da hatay\u0131 fark etmesi durumunda, dergi edit\u00f6r\u00fcn\u00fc bilgilendirme, d\u00fczeltme veya geri \u00e7ekme i\u015flemlerinde edit\u00f6rle i\u015fbirli\u011fi yapma y\u00fck\u00fcml\u00fcl\u00fc\u011f\u00fc bulunmaktad\u0131r.<\/p>\n\n\n\n<p>Dergide bas\u0131ld\u0131\u011f\u0131 haliyle makale i\u00e7inde bulunabilecek hatalar\u0131n sorumlulu\u011fu yazarlara aittir.<\/p>\n\n\n\n<p>Sunulan kaynaklar\u0131n ve verilerin do\u011frulu\u011fundan yazarlar sorumludur. Hatal\u0131\u00b8 aldat\u0131c\u0131 veya yanl\u0131\u015f y\u00f6nlendirici bilgilerin varl\u0131\u011f\u0131 fark edildi\u011finde edit\u00f6r makaleyi bilimsel literat\u00fcrden \u00e7ekme ve bunu duyurma hakk\u0131na sahiptir.<\/p>\n\n\n\n<p>Yay\u0131nlanan veya yay\u0131nlama amac\u0131 ile g\u00f6nderilen yaz\u0131larda intihal ve izinsiz veri kullan\u0131m\u0131na ili\u015fkin t\u00fcm sorumluluk \u00e7al\u0131\u015fman\u0131n yazar ya da yazarlar\u0131na aittir.<\/p>\n\n\n\n<p>T\u00fcm yazarlar\u0131n g\u00f6nderilen makaleye akademik ve bilimsel a\u00e7\u0131dan katk\u0131lar\u0131 bulunmal\u0131d\u0131r.<\/p>\n\n\n\n<p>Yazarlar g\u00f6nderilen yay\u0131n\u0131n dergi i\u00e7inde herhangi bir \u015fekilde \u00f6ncelikli hale getirilmesini isteyemez.<\/p>\n\n\n\n<p>Ara\u015ft\u0131rma ve tarama makalelerindeki g\u00f6r\u00fc\u015fler yazar\u0131na, \u00e7evirilerden do\u011facak sorumluluk ise \u00e7evirene aittir.<\/p>\n\n\n\n<p>Hakem de\u011ferlendirme raporuna kat\u0131lmayan yazar makalesini geri \u00e7ekme hakk\u0131na sahiptir. Ancak geri \u00e7ekme gerek\u00e7esini yaz\u0131l\u0131 olarak yay\u0131n kuruluna sunmal\u0131d\u0131r.<\/p>\n\n\n\n<p>Yaz\u0131lar ara\u015ft\u0131rma ve yay\u0131m eti\u011fine uyumlu haz\u0131rlanmal\u0131d\u0131r. Etik kurallara ayk\u0131r\u0131 davran\u0131\u015flarda (uydurma, \u00e7arp\u0131tma, a\u015f\u0131rma, tekrar yay\u0131m, dilimleme, destekleyen kurulu\u015fu belirtmeme, haks\u0131z yazarl\u0131k, kaynak g\u00f6stermeme vb.) bulunulmamal\u0131d\u0131r.<\/p>\n\n\n\n<p><strong>Edit\u00f6r i\u00e7in Etik Kurallar<\/strong><\/p>\n\n\n\n<p>Edit\u00f6rler, Lojistik Dergisi\u2019nde yay\u0131nlanan her makalenin dergi yay\u0131n politikalar\u0131 ve uluslararas\u0131 standartlara uygun olarak yay\u0131nlanmas\u0131ndan sorumludur.<\/p>\n\n\n\n<p>Edit\u00f6rler ve yay\u0131nc\u0131 aras\u0131ndaki ili\u015fki editoryal ba\u011f\u0131ms\u0131zl\u0131k ilkesine dayanmaktad\u0131r. Edit\u00f6rlerin alaca\u011f\u0131 t\u00fcm kararlar yay\u0131nc\u0131 ve dergi sahibinden ba\u011f\u0131ms\u0131zd\u0131r. Dergi sahibi, yay\u0131nc\u0131 ve di\u011fer hi\u00e7bir politik ve ticari unsur, edit\u00f6rlerin ba\u011f\u0131ms\u0131z karar almalar\u0131n\u0131 etkilemez.<\/p>\n\n\n\n<p>Edit\u00f6rler makalelerin hakem de\u011ferlendirme s\u00fcrecinin y\u00f6netilmesinden sorumlu olup herhangi bir \u00e7\u0131kar \u00e7at\u0131\u015fmas\u0131 olmas\u0131 durumunda ilgili makaleyi reddetme hakk\u0131na sahiptirler.<\/p>\n\n\n\n<p>Edit\u00f6rler atand\u0131klar\u0131 makalelerle herhangi bir ki\u015fisel ve\/veya mali \u00e7\u0131kar \u00e7at\u0131\u015fmas\u0131 i\u00e7inde olmamal\u0131d\u0131r.<\/p>\n\n\n\n<p>Edit\u00f6rler g\u00f6nderilen bir makalenin yazar listesinde bulunuyorsa o makalenin de\u011ferlendirme s\u00fcreci d\u0131\u015f\u0131nda tutulmaktad\u0131r.<\/p>\n\n\n\n<p>Edit\u00f6rler; yazar, hakem veya okuyuculardan gelen \u015fikayetleri dikkatlice inceleyerek ayd\u0131nlat\u0131c\u0131 ve a\u00e7\u0131klay\u0131c\u0131 bir \u015fekilde yan\u0131t vermekle y\u00fck\u00fcml\u00fcd\u00fcr.<\/p>\n\n\n\n<p>Edit\u00f6rler; de\u011ferlendirilen \u00e7al\u0131\u015fmalarda yer alan deneklere veya g\u00f6rsellere ili\u015fkin ki\u015fisel verilerin korunmas\u0131n\u0131 sa\u011flamakla y\u00fck\u00fcml\u00fcd\u00fcr. \u00c7al\u0131\u015fmalarda kullan\u0131lan bireylerin a\u00e7\u0131k r\u0131zas\u0131 belgeli olmad\u0131\u011f\u0131 s\u00fcrece \u00e7al\u0131\u015fmay\u0131 reddetmekle g\u00f6revlidir. Ayr\u0131ca edit\u00f6rler; yazar, hakem ve okuyucular\u0131n bireysel verilerini korumaktan sorumludur.<\/p>\n\n\n\n<p>Edit\u00f6rler; de\u011ferlendirilen \u00e7al\u0131\u015fmalarda insan ve hayvan haklar\u0131n\u0131n korunmas\u0131n\u0131 sa\u011flamakla y\u00fck\u00fcml\u00fcd\u00fcr. \u00c7al\u0131\u015fmalarda kullan\u0131lan deneklere ili\u015fkin etik kurul onay\u0131, deneysel ara\u015ft\u0131rmalara ili\u015fkin izinlerin olmad\u0131\u011f\u0131 durumlarda \u00e7al\u0131\u015fmay\u0131 reddetmekle sorumludur.<\/p>\n\n\n\n<p>Edit\u00f6rler t\u00fcm okuyucu, ara\u015ft\u0131rmac\u0131 ve uygulay\u0131c\u0131lar\u0131n ihtiya\u00e7 duyduklar\u0131 bilgi, beceri ve deneyim beklentilerini dikkate alarak karar vermelidir. Yay\u0131nlanan \u00e7al\u0131\u015fmalar\u0131n okuyucu, ara\u015ft\u0131rmac\u0131, uygulay\u0131c\u0131 ve bilimsel literat\u00fcre katk\u0131 sa\u011flamas\u0131na ve \u00f6zg\u00fcn nitelikte olmas\u0131na dikkat etmelidir. Ayr\u0131ca edit\u00f6rler okuyucu, ara\u015ft\u0131rmac\u0131 ve uygulay\u0131c\u0131lardan gelen geri bildirimleri dikkate almak, a\u00e7\u0131klay\u0131c\u0131 ve bilgilendirici geri bildirim vermekle y\u00fck\u00fcml\u00fcd\u00fcr.<\/p>\n\n\n\n<p>Edit\u00f6rler; yazar(lar), hakemler ve di\u011fer edit\u00f6rler aras\u0131ndaki \u00e7\u0131kar \u00e7at\u0131\u015fmalar\u0131n\u0131 g\u00f6z \u00f6n\u00fcnde bulundurarak, \u00e7al\u0131\u015fmalar\u0131n yay\u0131n s\u00fcrecinin ba\u011f\u0131ms\u0131z ve tarafs\u0131z bir \u015fekilde tamamlamas\u0131n\u0131 garanti eder.<\/p>\n\n\n\n<p>Edit\u00f6rler, \u00e7al\u0131\u015fmalar\u0131n \u00f6nemi, \u00f6zg\u00fcn de\u011feri, ge\u00e7erlili\u011fi, anlat\u0131m\u0131n a\u00e7\u0131kl\u0131\u011f\u0131 ve derginin ama\u00e7 ve hedeflerine dayanarak olumlu ya da olumsuz bir karar vermelidir.<br><\/p>\n\n\n\n<p>Yay\u0131n kapsam\u0131na uygun olan \u00e7al\u0131\u015fmalar\u0131n ciddi problemi olmad\u0131\u011f\u0131 s\u00fcrece \u00f6n de\u011ferlendirme a\u015famas\u0131na almal\u0131d\u0131r.<\/p>\n\n\n\n<p>Edit\u00f6rler, \u00e7al\u0131\u015fma ile ilgili ciddi bir sorun olmad\u0131k\u00e7a, olumlu y\u00f6ndeki hakem \u00f6nerilerini g\u00f6z ard\u0131 etmemelidir.<\/p>\n\n\n\n<p>Yeni edit\u00f6rler, \u00e7al\u0131\u015fmalara y\u00f6nelik olarak \u00f6nceki edit\u00f6r(ler) taraf\u0131ndan verilen kararlar\u0131 ciddi bir sorun olmad\u0131k\u00e7a de\u011fi\u015ftirmemelidir.<\/p>\n\n\n\n<p>\u201cK\u00f6r Hakemlik ve De\u011ferlendirme S\u00fcreci\u201d mutlaka yay\u0131nlanmal\u0131 ve edit\u00f6rler tan\u0131mlanan s\u00fcre\u00e7lerde ya\u015fanabilecek sapmalar\u0131n \u00f6n\u00fcne ge\u00e7melidir.<\/p>\n\n\n\n<p>Hakemlere y\u00f6nelik olarak edit\u00f6r, hakemleri \u00e7al\u0131\u015fman\u0131n konusuna uygun olarak belirlemelidir. Hakemlerin de\u011ferlendirme a\u015famas\u0131nda ihtiya\u00e7 duyacaklar\u0131 bilgi ve rehberleri sa\u011flamakla y\u00fck\u00fcml\u00fcd\u00fcr. Yazarlar ve hakemler aras\u0131ndan \u00e7\u0131kar \u00e7at\u0131\u015fmas\u0131 olup olmad\u0131\u011f\u0131n\u0131 g\u00f6zetmek durumundad\u0131r. K\u00f6rleme hakemlik ba\u011flam\u0131nda hakemlerin kimlik bilgilerini gizli tutmal\u0131d\u0131r. Hakemleri tarafs\u0131z, bilimsel ve nesnel bir dille \u00e7al\u0131\u015fmay\u0131 de\u011ferlendirmeleri i\u00e7in te\u015fvik etmelidir. Hakemlerin performans\u0131n\u0131 art\u0131r\u0131c\u0131 uygulama ve politikalar belirlemelidir. Hakem havuzunun dinamik \u015fekilde g\u00fcncellenmesi ve geni\u015f bir yelpazeden olu\u015fmas\u0131 konusunda gerekli ad\u0131mlar\u0131 atmal\u0131d\u0131r. Nezaketsiz ve bilimsel olmayan de\u011ferlendirmeleri engellemelidir.<\/p>\n\n\n\n<p>Yay\u0131n Kurulu\u2019na y\u00f6nelik olarak Edit\u00f6rler, t\u00fcm yay\u0131n kurulu \u00fcyelerinin s\u00fcre\u00e7leri yay\u0131n politikalar\u0131 ve y\u00f6nergelere uygun ilerletmesini sa\u011flamal\u0131d\u0131r. Yay\u0131n kurulu \u00fcyelerini yay\u0131n politikalar\u0131 hakk\u0131nda bilgilendirmeli ve geli\u015fmelerden haberdar etmelidir. Ayr\u0131ca edit\u00f6rler; Yay\u0131n kurulu \u00fcyelerinin \u00e7al\u0131\u015fmalar\u0131 tarafs\u0131z ve ba\u011f\u0131ms\u0131z olarak de\u011ferlendirmelerini sa\u011flamal\u0131d\u0131r. Yeni yay\u0131n kurulu \u00fcyelerini, katk\u0131 sa\u011flayabilir ve uygun nitelikte belirlemelidir. Yay\u0131n kurulu \u00fcyelerinin uzmanl\u0131k alan\u0131na uygun \u00e7al\u0131\u015fmalar\u0131 de\u011ferlendirme i\u00e7in g\u00f6ndermelidir. Yay\u0131n kurulu ile d\u00fczenli olarak etkile\u015fim i\u00e7erisinde olmal\u0131d\u0131r. Yay\u0131n kurulu ile belirli aral\u0131klarla yay\u0131n politikalar\u0131n\u0131n ve derginin geli\u015fimi i\u00e7in toplant\u0131lar d\u00fczenlemelidir.<\/p>\n\n\n\n<p>Edit\u00f6rler; dergi yay\u0131n politikalar\u0131nda yer alan \u201cK\u00f6r Hakemlik ve De\u011ferlendirme S\u00fcreci\u201d politikalar\u0131n\u0131 uygulamakla y\u00fck\u00fcml\u00fcd\u00fcr. Bu ba\u011flamda edit\u00f6rler her \u00e7al\u0131\u015fman\u0131n adil, tarafs\u0131z ve zaman\u0131nda de\u011ferlendirme s\u00fcrecinin tamamlanmas\u0131n\u0131 sa\u011flar.<\/p>\n\n\n\n<p>Edit\u00f6rler; olas\u0131 suistimal ve g\u00f6revi k\u00f6t\u00fcye kullanma i\u015flemlerine kar\u015f\u0131 \u00f6nlem almakla y\u00fck\u00fcml\u00fcd\u00fcr. Bu duruma y\u00f6nelik \u015fikayetlerin belirlenmesi ve de\u011ferlendirilmesi konusunda titiz ve nesnel bir soru\u015fturma yapman\u0131n yan\u0131 s\u0131ra, konuyla ilgili bulgular\u0131n payla\u015f\u0131lmas\u0131 edit\u00f6r\u00fcn sorumluluklar\u0131 aras\u0131nda yer almaktad\u0131r.<\/p>\n\n\n\n<p>Edit\u00f6rler \u00e7al\u0131\u015fmalarda yer alan hata, tutars\u0131zl\u0131k ya da yanl\u0131\u015f y\u00f6nlendirme i\u00e7eren yarg\u0131lar\u0131n h\u0131zl\u0131 bir \u015fekilde d\u00fczeltilmesini sa\u011flamal\u0131d\u0131r.<\/p>\n\n\n\n<p>Edit\u00f6rler; yay\u0131nlanan t\u00fcm makalelerin fikri m\u00fclkiyet hakk\u0131n\u0131 korumakla, olas\u0131 ihlallerde derginin ve yazar(lar)\u0131n haklar\u0131n\u0131 savunmakla y\u00fck\u00fcml\u00fcd\u00fcr. Ayr\u0131ca edit\u00f6rler yay\u0131nlanan t\u00fcm makalelerdeki i\u00e7eriklerin ba\u015fka yay\u0131nlar\u0131n fikri m\u00fclkiyet haklar\u0131n\u0131 ihlal etmemesi ad\u0131na gerekli \u00f6nlemleri almakla y\u00fck\u00fcml\u00fcd\u00fcr.<\/p>\n\n\n\n<p>Edit\u00f6rler dergide yay\u0131nlanan eserlere ili\u015fkin ikna edici ele\u015ftirileri dikkate almal\u0131 ve bu ele\u015ftirilere y\u00f6nelik yap\u0131c\u0131 bir tutum sergilemelidir. Ele\u015ftirilen \u00e7al\u0131\u015fmalar\u0131n yazar(lar)\u0131na cevap hakk\u0131 tan\u0131mal\u0131d\u0131r. Olumsuz sonu\u00e7lar i\u00e7eren \u00e7al\u0131\u015fmalar\u0131 g\u00f6z ard\u0131 etmemeli ya da d\u0131\u015flamamal\u0131d\u0131r.<\/p>\n\n\n\n<p><strong>Hakemler i\u00e7in Etik Kurallar<\/strong><\/p>\n\n\n\n<p>Lojistik Dergisi de\u011ferlendirme s\u00fcreci \u00e7ift tarafl\u0131 k\u00f6r hakemlik ilkesiyle nesnel ve ba\u011f\u0131ms\u0131z olarak y\u00fcr\u00fct\u00fcl\u00fcr. Hakemler yazarlar ile do\u011frudan ileti\u015fime ge\u00e7emez, de\u011ferlendirme ve yorumlar edit\u00f6r arac\u0131l\u0131\u011f\u0131yla yazar(lar)a iletilir.<\/p>\n\n\n\n<p>Bu ba\u011flamda hakemler sadece uzmanl\u0131k alan\u0131 ile ilgili \u00e7al\u0131\u015fma de\u011ferlendirmeyi kabul etmelidir.<\/p>\n\n\n\n<p>Hakemler tarafs\u0131zl\u0131k ve gizlilik i\u00e7erisinde de\u011ferlendirme yapmal\u0131d\u0131r.<\/p>\n\n\n\n<p>Hakem de\u011ferlendirme s\u00fcrecinde \u00e7\u0131kar \u00e7at\u0131\u015fmas\u0131 ile kar\u015f\u0131 kar\u015f\u0131ya oldu\u011funu d\u00fc\u015f\u00fcn\u00fcrse, \u00e7al\u0131\u015fmay\u0131 incelemeyi reddederek, dergi edit\u00f6r\u00fcn\u00fc bilgilendirmelidir.<\/p>\n\n\n\n<p>Hakem gizlilik ilkesi gere\u011fi inceledi\u011fi \u00e7al\u0131\u015fmalar\u0131 de\u011ferlendirme s\u00fcrecinden sonra imha etmelidir. \u0130nceledikleri \u00e7al\u0131\u015fmalar\u0131n sadece nihai versiyonlar\u0131n\u0131 ancak yay\u0131nland\u0131ktan sonra kullanabilir.<\/p>\n\n\n\n<p>Hakem de\u011ferlendirmeyi nesnel bir \u015fekilde sadece \u00e7al\u0131\u015fman\u0131n i\u00e7eri\u011fi ile ilgili olarak yapmal\u0131d\u0131r. Milliyet, cinsiyet, dini inan\u00e7lar, siyasal inan\u00e7lar ve ticari kayg\u0131lar\u0131n de\u011ferlendirmeye etki etmesine izin vermemelidir.<\/p>\n\n\n\n<p>Hakem de\u011ferlendirmeyi yap\u0131c\u0131 ve nazik bir dille yapmal\u0131d\u0131r. D\u00fc\u015fmanl\u0131k, iftira ve hakaret i\u00e7eren a\u015fa\u011f\u0131lay\u0131c\u0131 ki\u015fisel yorumlar yapmamal\u0131d\u0131r.<\/p>\n\n\n\n<p>Hakem de\u011ferlendirme \u00e7al\u0131\u015fmas\u0131n\u0131 zaman\u0131nda ve belirtilen etik sorumluluklarda ger\u00e7ekle\u015ftirmelidir.<\/p>\n\n\n\n<p>\u00c7\u0131kar \u00e7at\u0131\u015fmas\u0131n\u0131 \u00f6nlemek amac\u0131yla makale yazarlar\u0131 ile ayn\u0131 kurumlarda \u00e7al\u0131\u015fan ki\u015filer hakem olarak se\u00e7ilmemektedir.<\/p>\n\n\n\n<p>Verilen s\u00fcre i\u00e7inde kendisine g\u00f6nderilen yaz\u0131y\u0131 de\u011ferlendirmeyen ve dergi yay\u0131n\u0131nda aksamaya neden olan hakemin, Yaz\u0131 De\u011ferlendirme (Hakem) Kurulu \u00fcyeli\u011fi g\u00f6zden ge\u00e7irilir.<\/p>\n\n\n\n<p>Yay\u0131n Kurulu, gerekli g\u00f6rd\u00fc\u011f\u00fc durumlarda yeni Yaz\u0131 De\u011ferlendirme (Hakem) Kurulu \u00fcyeleri atayabilir.<\/p>\n\n\n\n<p>Hakemlerin de\u011ferlendirmeleri objektif olmal\u0131d\u0131r. Hakem s\u00fcreci s\u0131ras\u0131nda hakemlerin a\u015fa\u011f\u0131daki hususlar\u0131 dikkate alarak de\u011ferlendirmelerini yapmalar\u0131 beklenir.<\/p>\n\n\n\n<ul>\n<li>Makalenin ba\u015fl\u0131\u011f\u0131, i\u00e7eri\u011fini yeterli \u015fekilde yans\u0131tmakta m\u0131d\u0131r?<\/li>\n\n\n\n<li>\u00d6zet ve anahtar kelimeler, makalenin i\u00e7eri\u011fine kar\u015f\u0131l\u0131k gelmekte midir?<\/li>\n\n\n\n<li>Makale; konu, plan ve ele al\u0131n\u0131\u015f bi\u00e7imi itibariyle bilimsel y\u00f6ntemlere uygun mudur?<\/li>\n\n\n\n<li>Makalede dil ve yaz\u0131m kurallar\u0131na uyulmu\u015f mudur?<\/li>\n\n\n\n<li>Makalede konu ile ilgili terminoloji do\u011fru kullan\u0131lm\u0131\u015f m\u0131d\u0131r?<\/li>\n\n\n\n<li>Makalede yararlan\u0131lan kaynaklar yeterli midir?<\/li>\n\n\n\n<li>Makalede bilimsel at\u0131f usullerine uyulmu\u015f mudur?<\/li>\n\n\n\n<li>Makalede yazar, ele ald\u0131\u011f\u0131 konuya bir katk\u0131da bulunmakta m\u0131d\u0131r?<\/li>\n\n\n\n<li>Makale, \u00f6zg\u00fcn bir \u00e7al\u0131\u015fma niteli\u011finde midir?<\/li>\n<\/ul>\n\n\n\n<p><\/p>\n\n\n\n<p><strong><br><br><\/strong><\/p>\n","protected":false},"excerpt":{"rendered":"<p>&nbsp;Yay\u0131n Politikam\u0131z \u00d6zg\u00fcnl\u00fck ve \u0130ntihal Hakk\u0131ndaki Yay\u0131n \u0130lkelerimiz \ufeffYazarlar, yaln\u0131zca \u00f6zg\u00fcn \u00e7al\u0131\u015fmalar\u0131n\u0131 yay\u0131nlamal\u0131 ve kulland\u0131klar\u0131 eser ve kaynaklar\u0131 uygun \u015fekilde belirtmelidirler. Yapt\u0131klar\u0131 \u00e7al\u0131\u015fman\u0131n niteli\u011finin belirlenmesinde etkili olan di\u011fer yay\u0131nlar\u0131 da belirtmelidirler. \u0130ntihalin farkl\u0131 t\u00fcrleri vard\u0131r: bir ba\u015fka ara\u015ft\u0131rmac\u0131n\u0131n \u00e7al\u0131\u015fmas\u0131n\u0131 kendi \u00e7al\u0131\u015fmas\u0131 gibi g\u00f6stermek, ba\u015fka bir ara\u015ft\u0131rmac\u0131n\u0131n \u00e7al\u0131\u015fmas\u0131n\u0131n bir b\u00f6l\u00fcm\u00fcn\u00fc \u00e7al\u0131\u015famaya at\u0131f yapmadan kopyalamak ya da&hellip;&nbsp;<a href=\"https:\/\/lojistikdergisi.org\/?page_id=324\" class=\"\" rel=\"bookmark\">Daha fazlas\u0131n\u0131 oku &raquo;<span class=\"screen-reader-text\">ET\u0130K \u0130LKELER VE YAYIN POL\u0130T\u0130KASI<\/span><\/a><\/p>\n","protected":false},"author":1,"featured_media":0,"parent":0,"menu_order":0,"comment_status":"closed","ping_status":"closed","template":"","meta":{"neve_meta_sidebar":"full-width","neve_meta_container":"","neve_meta_enable_content_width":"on","neve_meta_content_width":100,"neve_meta_title_alignment":"","neve_meta_author_avatar":"","neve_post_elements_order":"","neve_meta_disable_header":"","neve_meta_disable_footer":"","neve_meta_disable_title":"","_ti_tpc_template_sync":false,"_ti_tpc_template_id":""},"_links":{"self":[{"href":"https:\/\/lojistikdergisi.org\/index.php?rest_route=\/wp\/v2\/pages\/324"}],"collection":[{"href":"https:\/\/lojistikdergisi.org\/index.php?rest_route=\/wp\/v2\/pages"}],"about":[{"href":"https:\/\/lojistikdergisi.org\/index.php?rest_route=\/wp\/v2\/types\/page"}],"author":[{"embeddable":true,"href":"https:\/\/lojistikdergisi.org\/index.php?rest_route=\/wp\/v2\/users\/1"}],"replies":[{"embeddable":true,"href":"https:\/\/lojistikdergisi.org\/index.php?rest_route=%2Fwp%2Fv2%2Fcomments&post=324"}],"version-history":[{"count":4,"href":"https:\/\/lojistikdergisi.org\/index.php?rest_route=\/wp\/v2\/pages\/324\/revisions"}],"predecessor-version":[{"id":513,"href":"https:\/\/lojistikdergisi.org\/index.php?rest_route=\/wp\/v2\/pages\/324\/revisions\/513"}],"wp:attachment":[{"href":"https:\/\/lojistikdergisi.org\/index.php?rest_route=%2Fwp%2Fv2%2Fmedia&parent=324"}],"curies":[{"name":"wp","href":"https:\/\/api.w.org\/{rel}","templated":true}]}}